{"id":6868,"date":"2024-06-11T10:57:29","date_gmt":"2024-06-11T08:57:29","guid":{"rendered":"https:\/\/rali-shop.de\/blog-de\/?page_id=6868"},"modified":"2024-06-11T15:57:53","modified_gmt":"2024-06-11T13:57:53","slug":"fragen-antworten","status":"publish","type":"page","link":"https:\/\/rali-shop.de\/blog-de\/fragen-antworten\/","title":{"rendered":"Entdecken Sie alle unsere Antworten zu den am h\u00e4ufigsten gestellten Fragen unserer Kunden."},"content":{"rendered":"\n\n  <div class=\"banner has-hover\" id=\"banner-1952399405\">\n          <div class=\"banner-inner fill\">\n        <div class=\"banner-bg fill\" >\n            <img loading=\"lazy\" decoding=\"async\" width=\"1020\" height=\"385\" src=\"https:\/\/rali-shop.de\/blog-de\/wp-content\/uploads\/2024\/06\/entete-faq8-DE-1400x529.jpg\" class=\"bg attachment-large size-large\" alt=\"FAQ\" \/>                                    \n                    <\/div>\n\t\t\n        <div class=\"banner-layers container\">\n            <div class=\"fill banner-link\"><\/div>            \n\n\n        <\/div>\n      <\/div>\n\n            \n<style>\n#banner-1952399405 {\n  padding-top: 44%;\n}\n#banner-1952399405 .banner-bg img {\n  object-position: 48% 48%;\n}\n@media (min-width:550px) {\n  #banner-1952399405 {\n    padding-top: 37%;\n  }\n}\n<\/style>\n  <\/div>\n\n\n\t<div id=\"gap-897817101\" class=\"gap-element clearfix\" style=\"display:block; height:auto;\">\n\t\t\n<style>\n#gap-897817101 {\n  padding-top: 44px;\n}\n<\/style>\n\t<\/div>\n\t\n\n\t<div id=\"text-1086587352\" class=\"text\">\n\t\t\n\n<h2>Entdecken Sie alle unsere Antworten<br \/>zu den am h\u00e4ufigsten gestellten Fragen unserer Kunden<\/h2>\n<p>(klicken Sie auf die einzelnen Fragen)<\/p>\n\t\t\n<style>\n#text-1086587352 {\n  font-size: 0.85rem;\n  text-align: center;\n}\n@media (min-width:550px) {\n  #text-1086587352 {\n    font-size: 1.4rem;\n  }\n}\n<\/style>\n\t<\/div>\n\t\n\n\t<section class=\"section\" id=\"section_1475316217\">\n\t\t<div class=\"section-bg fill\" >\n\t\t\t\t\t\t\t\t\t\n\t\t\t\n\n\t\t<\/div>\n\n\t\t\n\n\t\t<div class=\"section-content relative\">\n\t\t\t\n\n<div class=\"row\"  id=\"row-73815487\">\n\n\n\t<div id=\"col-194436473\" class=\"col medium-6 small-12 large-6\"  >\n\t\t\t\t<div class=\"col-inner box-shadow-2\"  >\n\t\t\t\n\t\t\t\n\n\t<div id=\"text-649682269\" class=\"text\">\n\t\t\n\n<h3 class=\"uppercase\">Dienstleistungen<\/h3>\n\t\t\n<style>\n#text-649682269 {\n  text-align: center;\n}\n<\/style>\n\t<\/div>\n\t\n<div class=\"accordion\">\n\n\t<div id=\"accordion-4159155470\" class=\"accordion-item\">\n\t\t<a id=\"accordion-4159155470-label\" class=\"accordion-title plain\" href=\"#accordion-item-warum-beim-hersteller-direkt-kaufen?\" aria-expanded=\"false\" aria-controls=\"accordion-4159155470-content\" >\n\t\t\t<button class=\"toggle\" aria-label=\"Umschalten\"><i class=\"icon-angle-down\"><\/i><\/button>\n\t\t\t<span>Warum beim Hersteller direkt kaufen?<\/span>\n\t\t<\/a>\n\t\t<div id=\"accordion-4159155470-content\" class=\"accordion-inner\" aria-labelledby=\"accordion-4159155470-label\" >\n\t\t\t\n\n<p>Alle unsere Werkzeuge werden zu <strong>100% in der Schweiz<\/strong> in unserer Fabrik hergestellt.<\/p>\n<p>Sie stehen in <strong>direktem Kontakt<\/strong> mit uns und wir bieten ma\u00dfgeschneiderte Dienstleistungen an, insbesondere f\u00fcr die Betreuung Ihrer Werkzeuge.<\/p>\n<a href=\"\/blog-de\/vorteile-hersteller-direkt\/\" class=\"button success is-small lowercase\"  style=\"border-radius:10px;\">\n\t\t<span>Mehr erfahren<\/span>\n\t<i class=\"icon-angle-right\" aria-hidden=\"true\" ><\/i><\/a>\n\n\n\n\t\t<\/div>\n\t<\/div>\n\t\n\t<div id=\"accordion-3789572593\" class=\"accordion-item\">\n\t\t<a id=\"accordion-3789572593-label\" class=\"accordion-title plain\" href=\"#accordion-item-warum-k\u00f6nnen-wir-ihnen-eine-5-j\u00e4hrige-garantie-anbieten?\" aria-expanded=\"false\" aria-controls=\"accordion-3789572593-content\" >\n\t\t\t<button class=\"toggle\" aria-label=\"Umschalten\"><i class=\"icon-angle-down\"><\/i><\/button>\n\t\t\t<span>Warum k\u00f6nnen wir Ihnen eine 5-j\u00e4hrige Garantie anbieten?<\/span>\n\t\t<\/a>\n\t\t<div id=\"accordion-3789572593-content\" class=\"accordion-inner\" aria-labelledby=\"accordion-3789572593-label\" >\n\t\t\t\n\n<p>Alle Teile werden in der Fabrik nach einem sehr genauen Pflichtenheft hergestellt und zusammengebaut.<\/p>\n<p>Qualit\u00e4t ist das Herzst\u00fcck unseres Herstellungssystems.<\/p>\n<p>So k\u00f6nnen Sie auf die Produktreihe Evolution N eine <strong>Garantie von 5 statt 2 Jahren<\/strong> erhalten.<\/p>\n<a href=\"\/blog-de\/garantie-swiss-care\/\" class=\"button success is-small lowercase\"  style=\"border-radius:10px;\">\n\t\t<span>Mehr erfahren<\/span>\n\t<i class=\"icon-angle-right\" aria-hidden=\"true\" ><\/i><\/a>\n\n\n\n\t\t<\/div>\n\t<\/div>\n\t\n\t<div id=\"accordion-755199350\" class=\"accordion-item\">\n\t\t<a id=\"accordion-755199350-label\" class=\"accordion-title plain\" href=\"#accordion-item-warum-steht-die-qualit\u00e4t-im-mittelpunkt?\" aria-expanded=\"false\" aria-controls=\"accordion-755199350-content\" >\n\t\t\t<button class=\"toggle\" aria-label=\"Umschalten\"><i class=\"icon-angle-down\"><\/i><\/button>\n\t\t\t<span>Warum steht die Qualit\u00e4t im Mittelpunkt?<\/span>\n\t\t<\/a>\n\t\t<div id=\"accordion-755199350-content\" class=\"accordion-inner\" aria-labelledby=\"accordion-755199350-label\" >\n\t\t\t\n\n<p>Die <strong>Qualit\u00e4t des Produkts<\/strong> in Verbindung mit der <strong>Qualit\u00e4t des direkten Service<\/strong> ist f\u00fcr Sie eine echte Garantie f\u00fcr eine <strong>lange Lebensdauer<\/strong>.<\/p>\n<p>Zu dieser Entscheidung stehen wir voll und ganz.<\/p>\n<a href=\"\/blog-de\/100-schweizer-herstellung-eine-garantierte-langlebigkeit\/\" class=\"button success is-small lowercase\"  style=\"border-radius:10px;\">\n\t\t<span>Mehr erfahren<\/span>\n\t<i class=\"icon-angle-right\" aria-hidden=\"true\" ><\/i><\/a>\n\n\n\n\t\t<\/div>\n\t<\/div>\n\t\n\t<div id=\"accordion-2674384687\" class=\"accordion-item\">\n\t\t<a id=\"accordion-2674384687-label\" class=\"accordion-title plain\" href=\"#accordion-item-warum-entscheiden-sich-profis-f\u00fcr-rali-werkzeuge?\" aria-expanded=\"false\" aria-controls=\"accordion-2674384687-content\" >\n\t\t\t<button class=\"toggle\" aria-label=\"Umschalten\"><i class=\"icon-angle-down\"><\/i><\/button>\n\t\t\t<span>Warum entscheiden sich Profis f\u00fcr RALI-Werkzeuge?<\/span>\n\t\t<\/a>\n\t\t<div id=\"accordion-2674384687-content\" class=\"accordion-inner\" aria-labelledby=\"accordion-2674384687-label\" >\n\t\t\t\n\n<p>Alle unsere Werkzeuge haben eine extrem lange Lebensdauer. Einige unserer Kunden verwenden unsere Werkzeuge seit mehr als 25 Jahren. Sie sind immer noch einsatzbereit, sowohl in der Werkstatt als auch auf der Baustelle.<\/p>\n<p>Die <strong>Zeitersparnis<\/strong>, weil die Klingen <strong>nicht geschliffen werden m\u00fcssen<\/strong>, und die <strong>ultraschnelle Einstellung<\/strong> der Hobel sind die ausschlaggebenden Kriterien.<\/p>\n<a href=\"\/blog-de\/alle-einstellungen-in-weniger-als-einer-minute\/\" class=\"button success is-small lowercase\"  style=\"border-radius:10px;\">\n\t\t<span>Mehr erfahren<\/span>\n\t<i class=\"icon-angle-right\" aria-hidden=\"true\" ><\/i><\/a>\n\n\n\n\t\t<\/div>\n\t<\/div>\n\t\n\t<div id=\"accordion-1500579128\" class=\"accordion-item\">\n\t\t<a id=\"accordion-1500579128-label\" class=\"accordion-title plain\" href=\"#accordion-item-warum-sind-rali-werkzeuge-nie-ausverkauft?\" aria-expanded=\"false\" aria-controls=\"accordion-1500579128-content\" >\n\t\t\t<button class=\"toggle\" aria-label=\"Umschalten\"><i class=\"icon-angle-down\"><\/i><\/button>\n\t\t\t<span>Warum sind RALI-Werkzeuge nie ausverkauft?<\/span>\n\t\t<\/a>\n\t\t<div id=\"accordion-1500579128-content\" class=\"accordion-inner\" aria-labelledby=\"accordion-1500579128-label\" >\n\t\t\t\n\n<p>Alle RALI-Werkzeuge werden in unserer Fabrik hergestellt und zusammengebaut.<\/p>\n<p>Wir kaufen gro\u00dfe Mengen an Rohstoffen ein, die wir auf Lager halten.<\/p>\n<p>Daher ist unser Produktionssystem so konzipiert, dass es nie zu Lieferengp\u00e4ssen kommt. Das bedeutet f\u00fcr Sie, dass nicht nur die Produkte, sondern auch die Ersatzteile immer verf\u00fcgbar sind.<br \/>Das bedeutet, dass Sie jahrzehntelang beruhigt sein k\u00f6nnen.<\/p>\n\n\t\t<\/div>\n\t<\/div>\n\t\n\t<div id=\"accordion-3920852214\" class=\"accordion-item\">\n\t\t<a id=\"accordion-3920852214-label\" class=\"accordion-title plain\" href=\"#accordion-item-welche-zusatzleistungen-kann-ich-im-vergleich-zu-einem-h\u00e4ndler-in-anspruch-nehmen?\" aria-expanded=\"false\" aria-controls=\"accordion-3920852214-content\" >\n\t\t\t<button class=\"toggle\" aria-label=\"Umschalten\"><i class=\"icon-angle-down\"><\/i><\/button>\n\t\t\t<span>Welche Zusatzleistungen kann ich im Vergleich zu einem H\u00e4ndler in Anspruch nehmen?<\/span>\n\t\t<\/a>\n\t\t<div id=\"accordion-3920852214-content\" class=\"accordion-inner\" aria-labelledby=\"accordion-3920852214-label\" >\n\t\t\t\n\n<p>Wir bieten allen unseren H\u00e4ndlern Support an.<\/p>\n<p>Bei Bedarf k\u00f6nnen wir Sie bei all Ihren Fragen zus\u00e4tzlich beraten, um Sie bestm\u00f6glich nach Ihren Erwartungen zu leiten.<br \/>Im Bedarfsfall k\u00f6nnen wir schnell eingreifen. Sie stehen in direktem Kontakt mit dem Regionalleiter, um Ihre Anfragen so schnell wie m\u00f6glich zu bearbeiten.<\/p>\n<p><strong>Kundenzufriedenheit ist bei RALI Ehrensache.<\/strong><\/p>\n\n\t\t<\/div>\n\t<\/div>\n\t\n\t<div id=\"accordion-2929292055\" class=\"accordion-item\">\n\t\t<a id=\"accordion-2929292055-label\" class=\"accordion-title plain\" href=\"#TVA\" aria-expanded=\"false\" aria-controls=\"accordion-2929292055-content\" >\n\t\t\t<button class=\"toggle\" aria-label=\"Umschalten\"><i class=\"icon-angle-down\"><\/i><\/button>\n\t\t\t<span>Muss ich f\u00fcr EU-L\u00e4nder Zollgeb\u00fchren bezahlen?<\/span>\n\t\t<\/a>\n\t\t<div id=\"accordion-2929292055-content\" class=\"accordion-inner\" aria-labelledby=\"accordion-2929292055-label\" >\n\t\t\t\n\n<p><strong>NEIN, es gibt keine Zollgeb\u00fchren f\u00fcr Bestellungen, die in die Europ\u00e4ische Union<\/strong>&lt;\/&gt;<\/p>\n<p>Wir sind in Europa registriert und verf\u00fcgen \u00fcber eine innergemeinschaftliche Umsatzsteuer-Identifikationsnummer.<br \/>F\u00fcr Gewerbetreibende mit Umsatzsteuer-Identifikationsnummer erfolgt die <strong>Rechnungsstellung ohne Steuern<\/strong>.<br \/>Die Pakete werden von unseren verschiedenen Lagern in Europa aus vorbereitet und versandt.<\/p>\n\n\t\t<\/div>\n\t<\/div>\n\t\n\t<div id=\"accordion-2713525659\" class=\"accordion-item\">\n\t\t<a id=\"accordion-2713525659-label\" class=\"accordion-title plain\" href=\"#accordion-item-wie-kann-ich-rat-oder-hilfe-erhalten?\" aria-expanded=\"false\" aria-controls=\"accordion-2713525659-content\" >\n\t\t\t<button class=\"toggle\" aria-label=\"Umschalten\"><i class=\"icon-angle-down\"><\/i><\/button>\n\t\t\t<span>Wie kann ich Rat oder Hilfe erhalten?<\/span>\n\t\t<\/a>\n\t\t<div id=\"accordion-2713525659-content\" class=\"accordion-inner\" aria-labelledby=\"accordion-2713525659-label\" >\n\t\t\t\n\n<p>Sie k\u00f6nnen uns per E-Mail an info@rali.ch oder direkt \u00fcber <a href=\"\/\"><u>den Online-Chat<\/u><\/a> kontaktieren.<\/p>\n<p>Ein Regionalmanager wird Ihnen antworten, um Ihnen Ratschl\u00e4ge zu geben und Ihre Bestellungen zu registrieren.<\/p>\n\n\t\t<\/div>\n\t<\/div>\n\t\n\t<div id=\"accordion-4068223993\" class=\"accordion-item\">\n\t\t<a id=\"accordion-4068223993-label\" class=\"accordion-title plain\" href=\"#accordion-item-gibt-es-online-tutorials?\" aria-expanded=\"false\" aria-controls=\"accordion-4068223993-content\" >\n\t\t\t<button class=\"toggle\" aria-label=\"Umschalten\"><i class=\"icon-angle-down\"><\/i><\/button>\n\t\t\t<span>Gibt es Online-Tutorials?<\/span>\n\t\t<\/a>\n\t\t<div id=\"accordion-4068223993-content\" class=\"accordion-inner\" aria-labelledby=\"accordion-4068223993-label\" >\n\t\t\t\n\n<p>JA, Sie k\u00f6nnen sich unsere Tutorials auf unserem <a href=\"https:\/\/www.youtube.com\/RALIoutils\">Youtube-Kanal ansehen<\/a>: <u>hier<\/u><br \/>Sie finden auch viele Informationen auf unseren Produktbl\u00e4ttern und in unserem <a href=\"\/blog-de\/category\/aktuelles\/\">Blog : <u>hier<\/u><\/a><\/p>\n\n\t\t<\/div>\n\t<\/div>\n\t\n\n<\/div>\n\n\t\t<\/div>\n\t\t\t\t\n<style>\n#col-194436473 > .col-inner {\n  padding: 0px 0px 0px 5px;\n}\n<\/style>\n\t<\/div>\n\n\t\n\n\t<div id=\"col-275906107\" class=\"col medium-6 small-12 large-6\"  >\n\t\t\t\t<div class=\"col-inner box-shadow-2\"  >\n\t\t\t\n\t\t\t\n\n\t<div id=\"text-1168274127\" class=\"text\">\n\t\t\n\n<h3 class=\"uppercase\">Tools<\/h3>\n\t\t\n<style>\n#text-1168274127 {\n  text-align: center;\n}\n<\/style>\n\t<\/div>\n\t\n<div class=\"accordion\">\n\n\t<div id=\"accordion-2080649928\" class=\"accordion-item\">\n\t\t<a id=\"accordion-2080649928-label\" class=\"accordion-title plain\" href=\"#accordion-item-wie-kann-ich-abgenutzte-klingen-wiederverwenden?\" aria-expanded=\"false\" aria-controls=\"accordion-2080649928-content\" >\n\t\t\t<button class=\"toggle\" aria-label=\"Umschalten\"><i class=\"icon-angle-down\"><\/i><\/button>\n\t\t\t<span>Wie kann ich abgenutzte Klingen wiederverwenden?<\/span>\n\t\t<\/a>\n\t\t<div id=\"accordion-2080649928-content\" class=\"accordion-inner\" aria-labelledby=\"accordion-2080649928-label\" >\n\t\t\t\n\n<p>Wenn die Klingen vollst\u00e4ndig abgenutzt sind, empfehlen wir Ihnen, sie im <a href=\"\/schaber.html\">Handschaber<\/a> zu verwenden, um ihnen ein zweites Leben zu geben. Durch einen leichten Durchgang mit dem Schleifstein lassen sich viele Materialien (Klebstoff, Lack, Kitt usw.) l\u00f6sen.<br \/>F\u00fcr etwa zehn Euro ist er in vielen Situationen das richtige Werkzeug.<\/p>\n<a href=\"\/schaber.html\" class=\"button success is-small lowercase\"  style=\"border-radius:10px;\">\n\t\t<span>Siehe den Schaber<\/span>\n\t<i class=\"icon-angle-right\" aria-hidden=\"true\" ><\/i><\/a>\n\n\n\n\t\t<\/div>\n\t<\/div>\n\t\n\t<div id=\"accordion-3045452205\" class=\"accordion-item\">\n\t\t<a id=\"accordion-3045452205-label\" class=\"accordion-title plain\" href=\"#accordion-item-warum-sind-die-werkzeuge-von-rali-shark-multifunktional?\" aria-expanded=\"false\" aria-controls=\"accordion-3045452205-content\" >\n\t\t\t<button class=\"toggle\" aria-label=\"Umschalten\"><i class=\"icon-angle-down\"><\/i><\/button>\n\t\t\t<span>Warum sind die Werkzeuge von RALI SHARK multifunktional?<\/span>\n\t\t<\/a>\n\t\t<div id=\"accordion-3045452205-content\" class=\"accordion-inner\" aria-labelledby=\"accordion-3045452205-label\" >\n\t\t\t\n\n<p>Das Konzept unserer Werkzeughalter wurde auf der europ\u00e4ischen Holzmesse in Frankreich pr\u00e4miert. Es ist das Schweizer Messer eines jeden Tischlers oder Heimwerkers.<\/p>\n<p>So k\u00f6nnen Sie mit demselben Werkzeughalter drei verschiedene Anwendungen f\u00fcr alle Ihre Arbeiten durchf\u00fchren: :<\/p>\n<ul>\n<li>Ziselieren<\/li>\n<li>S\u00e4gen<\/li>\n<li>Schaben<\/li>\n<\/ul>\n<p>Der komplette Stechbeitelkasten von RALI SHARK wird h\u00e4ufig auf Baustellen und bei Arbeiten im Freien verwendet.<\/p>\n<a href=\"\/blog-de\/entdecken-sie-15-anwendungen-der-rali-shark-werkzeuge-das-echte-schweizer-messer-fuer-liebhaber\/\" class=\"button success is-small lowercase\"  style=\"border-radius:10px;\">\n\t\t<span>Sehen Sie sich die Anwendungen an<\/span>\n\t<i class=\"icon-angle-right\" aria-hidden=\"true\" ><\/i><\/a>\n\n\n\n\t\t<\/div>\n\t<\/div>\n\t\n\t<div id=\"accordion-448929755\" class=\"accordion-item\">\n\t\t<a id=\"accordion-448929755-label\" class=\"accordion-title plain\" href=\"#accordion-item-warum-sind-die-rali-systainer-ausr\u00fcstungskoffer-g\u00fcnstig?\" aria-expanded=\"false\" aria-controls=\"accordion-448929755-content\" >\n\t\t\t<button class=\"toggle\" aria-label=\"Umschalten\"><i class=\"icon-angle-down\"><\/i><\/button>\n\t\t\t<span>Warum sind die RALI Systainer Ausr\u00fcstungskoffer g\u00fcnstig?<\/span>\n\t\t<\/a>\n\t\t<div id=\"accordion-448929755-content\" class=\"accordion-inner\" aria-labelledby=\"accordion-448929755-label\" >\n\t\t\t\n\n<p>Alle unsere Koffer wurden in Zusammenarbeit mit Fachleuten zusammengestellt. Sie fassen die <strong>besten RALI-Werkzeuge<\/strong> in einem <a href=\"\/koffer.html\">Systainer-Koffer<\/a> zusammen, der mit Ihren anderen elektroportartiven Werkzeugen vom Typ Festool kompatibel ist und leicht transportiert werden kann.<br \/><strong>Der Preis dieser Koffer ist sehr g\u00fcnstig<\/strong>, da sie die besten Hobel und Stechbeitel (optional) in einem einzigen Koffer enthalten. Das Fach auf der Oberseite des Koffers bietet Platz f\u00fcr alle Hobelklingen und Stechbeitel.<\/p>\n<a href=\"\/koffer.html\" class=\"button success is-small lowercase\"  style=\"border-radius:10px;\">\n\t\t<span>Zu den Koffern<\/span>\n\t<i class=\"icon-angle-right\" aria-hidden=\"true\" ><\/i><\/a>\n\n\n<p><strong>Vorteil des Herstellers<\/strong> : Wir k\u00f6nnen Ihren Koffer nach Ma\u00df anfertigen, sodass er vollst\u00e4ndig anpassbar ist.<\/p>\n<a href=\"\/config-systainer\" class=\"button success is-small lowercase\"  style=\"border-radius:10px;\">\n\t\t<span>Den Konfigurator testen<\/span>\n\t<i class=\"icon-angle-right\" aria-hidden=\"true\" ><\/i><\/a>\n\n\n\n\t\t<\/div>\n\t<\/div>\n\t\n\t<div id=\"accordion-699129696\" class=\"accordion-item\">\n\t\t<a id=\"accordion-699129696-label\" class=\"accordion-title plain\" href=\"#accordion-item-kann-ich-tester-f\u00fcr-ihre-rali-tools-werden?\" aria-expanded=\"false\" aria-controls=\"accordion-699129696-content\" >\n\t\t\t<button class=\"toggle\" aria-label=\"Umschalten\"><i class=\"icon-angle-down\"><\/i><\/button>\n\t\t\t<span>Kann ich Tester f\u00fcr Ihre RALI-Tools werden?<\/span>\n\t\t<\/a>\n\t\t<div id=\"accordion-699129696-content\" class=\"accordion-inner\" aria-labelledby=\"accordion-699129696-label\" >\n\t\t\t\n\n<p>Ja, melden Sie sich einfach hier f\u00fcr das <a href=\"\/blog-de\/programms-rali-co\/\"><u>RALI &amp; CO Programm an.<\/u><\/a><\/p>\n<p>Die Auswahl erfolgt in Zusammenarbeit mit dem Regionalmanager. Sie k\u00f6nnen ihn direkt \u00fcber den Online-Chat kontaktieren.<\/p>\n<a href=\"\/blog-de\/programms-rali-co\/\" class=\"button success is-small lowercase\"  style=\"border-radius:10px;\">\n\t\t<span>Das interessiert mich<\/span>\n\t<i class=\"icon-angle-right\" aria-hidden=\"true\" ><\/i><\/a>\n\n\n\n\t\t<\/div>\n\t<\/div>\n\t\n\t<div id=\"accordion-163617460\" class=\"accordion-item\">\n\t\t<a id=\"accordion-163617460-label\" class=\"accordion-title plain\" href=\"#accordion-item-ist-es-eine-pflicht,-sch\u00e4rfen-zu-k\u00f6nnen?\" aria-expanded=\"false\" aria-controls=\"accordion-163617460-content\" >\n\t\t\t<button class=\"toggle\" aria-label=\"Umschalten\"><i class=\"icon-angle-down\"><\/i><\/button>\n\t\t\t<span>Ist es eine Pflicht, sch\u00e4rfen zu k\u00f6nnen?<\/span>\n\t\t<\/a>\n\t\t<div id=\"accordion-163617460-content\" class=\"accordion-inner\" aria-labelledby=\"accordion-163617460-label\" >\n\t\t\t\n\n<p><strong>Bei RALI-Werkzeugen ist es nicht notwendig, sch\u00e4rfen zu k\u00f6nnen.<\/strong><\/p>\n<p>Unser <a href=\"\/blog-de\/schluss-mit-dem-schleifen\/\">Konzept von Hobeln und Scheren mit austauschbaren<\/a> Klingen erspart Ihnen diesen l\u00e4stigen und teuren Arbeitsschritt.<\/p>\n<p><strong>Der Klingenwechsel ist in weniger als 10 Sekunden erledigt.<\/strong><\/p>\n<p>Unsere Werkzeuge werden auf Baustellen h\u00e4ufig verwendet, da sie immer einsatzbereit sind.<br \/>Klingen sind in den Griffen unserer Planierhobel (Produktreihe Evolution N) erh\u00e4ltlich.<\/p>\n<a href=\"\/blog-de\/schluss-mit-dem-schleifen\/\" class=\"button success is-small lowercase\"  style=\"border-radius:10px;\">\n\t\t<span>Mehr erfahren<\/span>\n\t<i class=\"icon-angle-right\" aria-hidden=\"true\" ><\/i><\/a>\n\n\n\n\t\t<\/div>\n\t<\/div>\n\t\n\t<div id=\"accordion-3767003502\" class=\"accordion-item\">\n\t\t<a id=\"accordion-3767003502-label\" class=\"accordion-title plain\" href=\"#accordion-item-wie-kann-ich-meine-schraubst\u00f6cke-installieren-und-f\u00fcr-welche-spannarten?\" aria-expanded=\"false\" aria-controls=\"accordion-3767003502-content\" >\n\t\t\t<button class=\"toggle\" aria-label=\"Umschalten\"><i class=\"icon-angle-down\"><\/i><\/button>\n\t\t\t<span>Wie kann ich meine Schraubst\u00f6cke installieren und f\u00fcr welche Spannarten?<\/span>\n\t\t<\/a>\n\t\t<div id=\"accordion-3767003502-content\" class=\"accordion-inner\" aria-labelledby=\"accordion-3767003502-label\" >\n\t\t\t\n\n<p>Sie k\u00f6nnen unsere RALI Press-<a href=\"\/schraubstock.html\">Schraubst\u00f6cke<\/a> an der Seite Ihrer Werkbank anbringen oder direkt einbauen.<br \/>Sie k\u00f6nnen sie auch auf einem mobilen St\u00e4nder befestigen, um sie auf Baustellen oder im Freien zu verwenden.<br \/><strong>Die Anbringungsarten k\u00f6nnen horizontal, vertikal oder beides gleichzeitig sein.<\/strong><\/p>\n<a href=\"\/blog-de\/montage-tipps-und-tricks-einstellungen-alles-ueber-die-rali-press-schraubstoecke\/\" class=\"button success is-small lowercase\"  style=\"border-radius:10px;\">\n\t\t<span>Siehe Anwendungen<\/span>\n\t<i class=\"icon-angle-right\" aria-hidden=\"true\" ><\/i><\/a>\n\n\n\n\t\t<\/div>\n\t<\/div>\n\t\n\t<div id=\"accordion-1051667740\" class=\"accordion-item\">\n\t\t<a id=\"accordion-1051667740-label\" class=\"accordion-title plain\" href=\"#accordion-item-kann-ich-mit-rali-schraubst\u00f6cken-eine-pr\u00e4zisionsspannung-durchf\u00fchren?\" aria-expanded=\"false\" aria-controls=\"accordion-1051667740-content\" >\n\t\t\t<button class=\"toggle\" aria-label=\"Umschalten\"><i class=\"icon-angle-down\"><\/i><\/button>\n\t\t\t<span>Kann ich mit RALI-Schraubst\u00f6cken eine Pr\u00e4zisionsspannung durchf\u00fchren?<\/span>\n\t\t<\/a>\n\t\t<div id=\"accordion-1051667740-content\" class=\"accordion-inner\" aria-labelledby=\"accordion-1051667740-label\" >\n\t\t\t\n\n<p>Ja, das ist unter anderem eine St\u00e4rke unserer Tools.<br \/>Mit dem Klemmsystem kann ein Werkst\u00fcck sehr genau gepresst werden, ohne dass es markiert Der Spanndruck unserer Schraubst\u00f6cke kann bis zu 1,3 Tonnen betragen.<br \/>Die L\u00e4nge des Schraubstocks ist vollst\u00e4ndig anpassbar und Sie k\u00f6nnen Blockpaare f\u00fcr eine Mehrpunktklemmung hinzuf\u00fcgen.<\/p>\n<a href=\"\/blog-de\/montage-tipps-und-tricks-einstellungen-alles-ueber-die-rali-press-schraubstoecke\/\" class=\"button success is-small lowercase\"  style=\"border-radius:10px;\">\n\t\t<span>Mehr erfahren<\/span>\n\t<i class=\"icon-angle-right\" aria-hidden=\"true\" ><\/i><\/a>\n\n\n\n\t\t<\/div>\n\t<\/div>\n\t\n\t<div id=\"accordion-2105321715\" class=\"accordion-item\">\n\t\t<a id=\"accordion-2105321715-label\" class=\"accordion-title plain\" href=\"#accordion-item-wie-lang-ist-die-lebensdauer-einer-hobelklinge?\" aria-expanded=\"false\" aria-controls=\"accordion-2105321715-content\" >\n\t\t\t<button class=\"toggle\" aria-label=\"Umschalten\"><i class=\"icon-angle-down\"><\/i><\/button>\n\t\t\t<span>Wie lang ist die Lebensdauer einer Hobelklinge?<\/span>\n\t\t<\/a>\n\t\t<div id=\"accordion-2105321715-content\" class=\"accordion-inner\" aria-labelledby=\"accordion-2105321715-label\" >\n\t\t\t\n\n<p>Die <a href=\"\/hobel\/hobel-messer.html\">Klingen unserer Hobel<\/a> haben <strong>eine extrem lange Lebensdauer: 1600 m Sp\u00e4ne mit 1 Klinge<\/strong>: Test in der Fabrik auf Weichholz durchgef\u00fchrt.<br \/><strong>Jede Klinge ist zweischneidig<\/strong> und kann daher sofort gewendet werden. Beachten Sie, dass die Klingen zwischen allen Hobeln der gleichen Produktreihe \u201ekompatibel\u201c sind.<\/p>\n<p>Wenn sie einmal abgenutzt sind, k\u00f6nnen Sie sie im Schaber wiederverwenden, um ein 2. Leben zu f\u00fchren.<\/p>\n<p>Wichtig: F\u00fcr Packungen mit 5 und 10 Klingen werden <strong>weltweit keine Versandkosten berechnet.<\/strong><\/p>\n<a href=\"\/blog-de\/schluss-mit-dem-schleifen\/\" class=\"button success is-small lowercase\"  style=\"border-radius:10px;\">\n\t\t<span>Mehr erfahren<\/span>\n\t<i class=\"icon-angle-right\" aria-hidden=\"true\" ><\/i><\/a>\n\n\n\n\t\t<\/div>\n\t<\/div>\n\t\n\t<div id=\"accordion-416779527\" class=\"accordion-item\">\n\t\t<a id=\"accordion-416779527-label\" class=\"accordion-title plain\" href=\"#accordion-item-welche-tipps-gibt-es-f\u00fcr-die-pflege-meiner-werkzeuge?\" aria-expanded=\"false\" aria-controls=\"accordion-416779527-content\" >\n\t\t\t<button class=\"toggle\" aria-label=\"Umschalten\"><i class=\"icon-angle-down\"><\/i><\/button>\n\t\t\t<span>Welche Tipps gibt es f\u00fcr die Pflege meiner Werkzeuge?<\/span>\n\t\t<\/a>\n\t\t<div id=\"accordion-416779527-content\" class=\"accordion-inner\" aria-labelledby=\"accordion-416779527-label\" >\n\t\t\t\n\n<p>Je nach Verwendung im Innenbereich oder auf Baustellen empfehlen wir Ihnen lediglich, die Sohle 1-2 Mal pro Jahr mit etwas RALI-\u00d6l zu bestreichen.<br \/>Au\u00dferdem empfehlen wir Ihnen, die Schaumstoffeinlagen in unseren Systainer-Koffern zu verwenden, um Ihre Werkzeuge gut zu sch\u00fctzen. Die Schaumstoffe mit hoher Dichte wurden f\u00fcr einen schnellen Einsatz entwickelt und bieten gleichzeitig Schutz beim Transport und bei der Aufbewahrung.<\/p>\n<p>Die Hobel der Evolution N-Reihe verf\u00fcgen \u00fcber einen zus\u00e4tzlichen vernickelten Schutz.<\/p>\n<a href=\"\/pflege-und-schutz-ihrer-rali-werkzeuge\" class=\"button success is-small lowercase\"  style=\"border-radius:10px;\">\n\t\t<span>Siehe unsere 10 Tipps<\/span>\n\t<i class=\"icon-angle-right\" aria-hidden=\"true\" ><\/i><\/a>\n\n\n\n\t\t<\/div>\n\t<\/div>\n\t\n\n<\/div>\n\n\t\t<\/div>\n\t\t\t\t\n<style>\n#col-275906107 > .col-inner {\n  padding: 0px 0px 0px 5px;\n}\n<\/style>\n\t<\/div>\n\n\t\n\n<\/div>\n\n\t\t<\/div>\n\n\t\t\n<style>\n#section_1475316217 {\n  padding-top: 30px;\n  padding-bottom: 30px;\n}\n<\/style>\n\t<\/section>\n\t\n<div class=\"container section-title-container\" ><h3 class=\"section-title section-title-center\"><b><\/b><span class=\"section-title-main\" style=\"font-size:150%;\">In diesem Moment<\/span><b><\/b><\/h3><\/div>\n\n\t<div id=\"gap-168887230\" class=\"gap-element clearfix\" style=\"display:block; height:auto;\">\n\t\t\n<style>\n#gap-168887230 {\n  padding-top: 19px;\n}\n<\/style>\n\t<\/div>\n\t\n\n<div class=\"row align-equal align-center\"  id=\"row-1711526402\">\n\n\n\t<div id=\"col-281772143\" class=\"col medium-9 small-12 large-9\"  >\n\t\t\t\t<div class=\"col-inner text-center box-shadow-3 box-shadow-1-hover dark\" style=\"background-color:rgb(0,0,0);\" >\n\t\t\t\n\t\t\t\n\n\t<div id=\"text-3213772968\" class=\"text\">\n\t\t\n\n<p><span style=\"font-size: 300%;\"><span style=\"color: #ffffff;\">HEUTE<br \/><\/span><\/span><\/p>\n<p><span style=\"font-size: 200%;\"><span style=\"color: #ed1c24; font-size: 150%;\">-15\u20ac\/chf Rabatt<br \/><\/span>alle 100\u20ac\/chf Einkaufswert*<br \/><\/span><\/p>\n\t\t\n<style>\n#text-3213772968 {\n  font-size: 1rem;\n  line-height: 1.2;\n}\n<\/style>\n\t<\/div>\n\t\n<a href=\"\/hobel.html\" class=\"button success\"  >\n\t\t<span>Ich profitiere<\/span>\n\t<\/a>\n\n\n\t<div id=\"text-2304880696\" class=\"text\">\n\t\t\n\n<p>*au\u00dfer Sonderangebote<\/p>\n\t\t\n<style>\n#text-2304880696 {\n  text-align: right;\n}\n<\/style>\n\t<\/div>\n\t\n\n\t\t<\/div>\n\t\t\t\t\n<style>\n#col-281772143 > .col-inner {\n  border-radius: 30px;\n}\n<\/style>\n\t<\/div>\n\n\t\n\n\t<div id=\"col-905455779\" class=\"col medium-9 small-12 large-9\"  >\n\t\t\t\t<div class=\"col-inner text-center box-shadow-3 box-shadow-1-hover dark\" style=\"background-color:rgb(0,0,0);\" >\n\t\t\t\n\t\t\t\n\n\t<div id=\"text-4045661940\" class=\"text\">\n\t\t\n\n<p><span style=\"font-size: 200%;\"><span style=\"font-size: 160%;\"><span style=\"color: #ffffff;\">PACKS ANGEBOT<br \/><\/span><\/span><\/span><\/p>\n<p><span style=\"font-size: 200%;\">Bis zu <span style=\"color: #ed1c24; font-size: 150%;\">-50% <\/span>auf das zweite Werkzeug<br \/>in unseren Ausstattungspaketen<\/span><\/p>\n\t\t\n<style>\n#text-4045661940 {\n  font-size: 1rem;\n  line-height: 1.2;\n}\n<\/style>\n\t<\/div>\n\t\n<a href=\"\/rabatt.html\" class=\"button success\"  >\n\t\t<span>Zu den Angeboten<\/span>\n\t<\/a>\n\n\n\t<div id=\"text-2569033380\" class=\"text hidden\">\n\t\t\n\n*Valid for a pack of 2 similar vices - The discount will be apply on the 2nd product\n\t\t\t<\/div>\n\t\n\n\t\t<\/div>\n\t\t\t\t\n<style>\n#col-905455779 > .col-inner {\n  border-radius: 30px;\n}\n<\/style>\n\t<\/div>\n\n\t\n\n\n<style>\n#row-1711526402 > .col > .col-inner {\n  background-color: rgb(0,0,0);\n}\n<\/style>\n<\/div>\n\n\n<div class=\"row align-equal align-center\"  id=\"row-1181907574\">\n\n\n\n\n<style>\n#row-1181907574 > .col > .col-inner {\n  background-color: rgb(0,0,0);\n}\n<\/style>\n<\/div>\n\n\n\n","protected":false},"excerpt":{"rendered":"","protected":false},"author":1,"featured_media":6869,"parent":0,"menu_order":0,"comment_status":"closed","ping_status":"closed","template":"","meta":{"footnotes":""},"class_list":["post-6868","page","type-page","status-publish","has-post-thumbnail","hentry"],"yoast_head":"<!-- This site is optimized with the Yoast SEO plugin v25.1 - https:\/\/yoast.com\/wordpress\/plugins\/seo\/ -->\n<title>Entdecken Sie alle unsere Antworten zu den am h\u00e4ufigsten gestellten Fragen unserer Kunden. - RALI-Holzwerkzeuge f\u00fcr Profis<\/title>\n<meta name=\"description\" content=\"Hier finden Sie Antworten auf die am h\u00e4ufigsten gestellten Fragen zu den Tools oder dem RALI-Service.\" \/>\n<meta name=\"robots\" content=\"index, follow, max-snippet:-1, max-image-preview:large, max-video-preview:-1\" \/>\n<link rel=\"canonical\" href=\"https:\/\/rali-shop.de\/blog-de\/fragen-antworten\/\" \/>\n<meta property=\"og:locale\" content=\"de_DE\" \/>\n<meta property=\"og:type\" content=\"article\" \/>\n<meta property=\"og:title\" content=\"Entdecken Sie alle unsere Antworten zu den am h\u00e4ufigsten gestellten Fragen unserer Kunden. - RALI-Holzwerkzeuge f\u00fcr Profis\" \/>\n<meta property=\"og:description\" content=\"Hier finden Sie Antworten auf die am h\u00e4ufigsten gestellten Fragen zu den Tools oder dem RALI-Service.\" \/>\n<meta property=\"og:url\" content=\"https:\/\/rali-shop.de\/blog-de\/fragen-antworten\/\" \/>\n<meta property=\"og:site_name\" content=\"RALI-Holzwerkzeuge f\u00fcr Profis\" \/>\n<meta property=\"article:modified_time\" content=\"2024-06-11T13:57:53+00:00\" \/>\n<meta property=\"og:image\" content=\"https:\/\/rali-shop.de\/blog-de\/wp-content\/uploads\/2024\/06\/entete-faq-news2-DE.jpg\" \/>\n\t<meta property=\"og:image:width\" content=\"650\" \/>\n\t<meta property=\"og:image:height\" content=\"246\" \/>\n\t<meta property=\"og:image:type\" content=\"image\/jpeg\" \/>\n<meta name=\"twitter:card\" content=\"summary_large_image\" \/>\n<meta name=\"twitter:label1\" content=\"Gesch\u00e4tzte Lesezeit\" \/>\n\t<meta name=\"twitter:data1\" content=\"1\u00a0Minute\" \/>\n<script type=\"application\/ld+json\" class=\"yoast-schema-graph\">{\"@context\":\"https:\/\/schema.org\",\"@graph\":[{\"@type\":\"WebPage\",\"@id\":\"https:\/\/rali-shop.de\/blog-de\/fragen-antworten\/\",\"url\":\"https:\/\/rali-shop.de\/blog-de\/fragen-antworten\/\",\"name\":\"Entdecken Sie alle unsere Antworten zu den am h\u00e4ufigsten gestellten Fragen unserer Kunden. - RALI-Holzwerkzeuge f\u00fcr Profis\",\"isPartOf\":{\"@id\":\"https:\/\/rali-shop.de\/blog-de\/#website\"},\"primaryImageOfPage\":{\"@id\":\"https:\/\/rali-shop.de\/blog-de\/fragen-antworten\/#primaryimage\"},\"image\":{\"@id\":\"https:\/\/rali-shop.de\/blog-de\/fragen-antworten\/#primaryimage\"},\"thumbnailUrl\":\"https:\/\/rali-shop.de\/blog-de\/wp-content\/uploads\/2024\/06\/entete-faq-news2-DE.jpg\",\"datePublished\":\"2024-06-11T08:57:29+00:00\",\"dateModified\":\"2024-06-11T13:57:53+00:00\",\"description\":\"Hier finden Sie Antworten auf die am h\u00e4ufigsten gestellten Fragen zu den Tools oder dem RALI-Service.\",\"inLanguage\":\"de\",\"potentialAction\":[{\"@type\":\"ReadAction\",\"target\":[\"https:\/\/rali-shop.de\/blog-de\/fragen-antworten\/\"]}]},{\"@type\":\"ImageObject\",\"inLanguage\":\"de\",\"@id\":\"https:\/\/rali-shop.de\/blog-de\/fragen-antworten\/#primaryimage\",\"url\":\"https:\/\/rali-shop.de\/blog-de\/wp-content\/uploads\/2024\/06\/entete-faq-news2-DE.jpg\",\"contentUrl\":\"https:\/\/rali-shop.de\/blog-de\/wp-content\/uploads\/2024\/06\/entete-faq-news2-DE.jpg\",\"width\":650,\"height\":246,\"caption\":\"FAQ\"},{\"@type\":\"WebSite\",\"@id\":\"https:\/\/rali-shop.de\/blog-de\/#website\",\"url\":\"https:\/\/rali-shop.de\/blog-de\/\",\"name\":\"RALI-Holzwerkzeuge f\u00fcr Profis\",\"description\":\"Holzwerkzeuge f\u00fcr Enthusiasten\",\"publisher\":{\"@id\":\"https:\/\/rali-shop.de\/blog-de\/#organization\"},\"potentialAction\":[{\"@type\":\"SearchAction\",\"target\":{\"@type\":\"EntryPoint\",\"urlTemplate\":\"https:\/\/rali-shop.de\/blog-de\/?s={search_term_string}\"},\"query-input\":{\"@type\":\"PropertyValueSpecification\",\"valueRequired\":true,\"valueName\":\"search_term_string\"}}],\"inLanguage\":\"de\"},{\"@type\":\"Organization\",\"@id\":\"https:\/\/rali-shop.de\/blog-de\/#organization\",\"name\":\"RALI\",\"url\":\"https:\/\/rali-shop.de\/blog-de\/\",\"logo\":{\"@type\":\"ImageObject\",\"inLanguage\":\"de\",\"@id\":\"https:\/\/rali-shop.de\/blog-de\/#\/schema\/logo\/image\/\",\"url\":\"https:\/\/rali-shop.de\/blog-de\/wp-content\/uploads\/2021\/07\/LOGO-RALI-new.gif\",\"contentUrl\":\"https:\/\/rali-shop.de\/blog-de\/wp-content\/uploads\/2021\/07\/LOGO-RALI-new.gif\",\"width\":959,\"height\":524,\"caption\":\"RALI\"},\"image\":{\"@id\":\"https:\/\/rali-shop.de\/blog-de\/#\/schema\/logo\/image\/\"}}]}<\/script>\n<!-- \/ Yoast SEO plugin. -->","yoast_head_json":{"title":"Entdecken Sie alle unsere Antworten zu den am h\u00e4ufigsten gestellten Fragen unserer Kunden. - RALI-Holzwerkzeuge f\u00fcr Profis","description":"Hier finden Sie Antworten auf die am h\u00e4ufigsten gestellten Fragen zu den Tools oder dem RALI-Service.","robots":{"index":"index","follow":"follow","max-snippet":"max-snippet:-1","max-image-preview":"max-image-preview:large","max-video-preview":"max-video-preview:-1"},"canonical":"https:\/\/rali-shop.de\/blog-de\/fragen-antworten\/","og_locale":"de_DE","og_type":"article","og_title":"Entdecken Sie alle unsere Antworten zu den am h\u00e4ufigsten gestellten Fragen unserer Kunden. - RALI-Holzwerkzeuge f\u00fcr Profis","og_description":"Hier finden Sie Antworten auf die am h\u00e4ufigsten gestellten Fragen zu den Tools oder dem RALI-Service.","og_url":"https:\/\/rali-shop.de\/blog-de\/fragen-antworten\/","og_site_name":"RALI-Holzwerkzeuge f\u00fcr Profis","article_modified_time":"2024-06-11T13:57:53+00:00","og_image":[{"width":650,"height":246,"url":"https:\/\/rali-shop.de\/blog-de\/wp-content\/uploads\/2024\/06\/entete-faq-news2-DE.jpg","type":"image\/jpeg"}],"twitter_card":"summary_large_image","twitter_misc":{"Gesch\u00e4tzte Lesezeit":"1\u00a0Minute"},"schema":{"@context":"https:\/\/schema.org","@graph":[{"@type":"WebPage","@id":"https:\/\/rali-shop.de\/blog-de\/fragen-antworten\/","url":"https:\/\/rali-shop.de\/blog-de\/fragen-antworten\/","name":"Entdecken Sie alle unsere Antworten zu den am h\u00e4ufigsten gestellten Fragen unserer Kunden. - RALI-Holzwerkzeuge f\u00fcr Profis","isPartOf":{"@id":"https:\/\/rali-shop.de\/blog-de\/#website"},"primaryImageOfPage":{"@id":"https:\/\/rali-shop.de\/blog-de\/fragen-antworten\/#primaryimage"},"image":{"@id":"https:\/\/rali-shop.de\/blog-de\/fragen-antworten\/#primaryimage"},"thumbnailUrl":"https:\/\/rali-shop.de\/blog-de\/wp-content\/uploads\/2024\/06\/entete-faq-news2-DE.jpg","datePublished":"2024-06-11T08:57:29+00:00","dateModified":"2024-06-11T13:57:53+00:00","description":"Hier finden Sie Antworten auf die am h\u00e4ufigsten gestellten Fragen zu den Tools oder dem RALI-Service.","inLanguage":"de","potentialAction":[{"@type":"ReadAction","target":["https:\/\/rali-shop.de\/blog-de\/fragen-antworten\/"]}]},{"@type":"ImageObject","inLanguage":"de","@id":"https:\/\/rali-shop.de\/blog-de\/fragen-antworten\/#primaryimage","url":"https:\/\/rali-shop.de\/blog-de\/wp-content\/uploads\/2024\/06\/entete-faq-news2-DE.jpg","contentUrl":"https:\/\/rali-shop.de\/blog-de\/wp-content\/uploads\/2024\/06\/entete-faq-news2-DE.jpg","width":650,"height":246,"caption":"FAQ"},{"@type":"WebSite","@id":"https:\/\/rali-shop.de\/blog-de\/#website","url":"https:\/\/rali-shop.de\/blog-de\/","name":"RALI-Holzwerkzeuge f\u00fcr Profis","description":"Holzwerkzeuge f\u00fcr Enthusiasten","publisher":{"@id":"https:\/\/rali-shop.de\/blog-de\/#organization"},"potentialAction":[{"@type":"SearchAction","target":{"@type":"EntryPoint","urlTemplate":"https:\/\/rali-shop.de\/blog-de\/?s={search_term_string}"},"query-input":{"@type":"PropertyValueSpecification","valueRequired":true,"valueName":"search_term_string"}}],"inLanguage":"de"},{"@type":"Organization","@id":"https:\/\/rali-shop.de\/blog-de\/#organization","name":"RALI","url":"https:\/\/rali-shop.de\/blog-de\/","logo":{"@type":"ImageObject","inLanguage":"de","@id":"https:\/\/rali-shop.de\/blog-de\/#\/schema\/logo\/image\/","url":"https:\/\/rali-shop.de\/blog-de\/wp-content\/uploads\/2021\/07\/LOGO-RALI-new.gif","contentUrl":"https:\/\/rali-shop.de\/blog-de\/wp-content\/uploads\/2021\/07\/LOGO-RALI-new.gif","width":959,"height":524,"caption":"RALI"},"image":{"@id":"https:\/\/rali-shop.de\/blog-de\/#\/schema\/logo\/image\/"}}]}},"_links":{"self":[{"href":"https:\/\/rali-shop.de\/blog-de\/wp-json\/wp\/v2\/pages\/6868","targetHints":{"allow":["GET"]}}],"collection":[{"href":"https:\/\/rali-shop.de\/blog-de\/wp-json\/wp\/v2\/pages"}],"about":[{"href":"https:\/\/rali-shop.de\/blog-de\/wp-json\/wp\/v2\/types\/page"}],"author":[{"embeddable":true,"href":"https:\/\/rali-shop.de\/blog-de\/wp-json\/wp\/v2\/users\/1"}],"replies":[{"embeddable":true,"href":"https:\/\/rali-shop.de\/blog-de\/wp-json\/wp\/v2\/comments?post=6868"}],"version-history":[{"count":23,"href":"https:\/\/rali-shop.de\/blog-de\/wp-json\/wp\/v2\/pages\/6868\/revisions"}],"predecessor-version":[{"id":6897,"href":"https:\/\/rali-shop.de\/blog-de\/wp-json\/wp\/v2\/pages\/6868\/revisions\/6897"}],"wp:featuredmedia":[{"embeddable":true,"href":"https:\/\/rali-shop.de\/blog-de\/wp-json\/wp\/v2\/media\/6869"}],"wp:attachment":[{"href":"https:\/\/rali-shop.de\/blog-de\/wp-json\/wp\/v2\/media?parent=6868"}],"curies":[{"name":"wp","href":"https:\/\/api.w.org\/{rel}","templated":true}]}}